{"id":10,"date":"2023-01-24T12:47:42","date_gmt":"2023-01-24T12:47:42","guid":{"rendered":"https:\/\/eventos.esec.pt\/icirpie\/?page_id=10"},"modified":"2023-07-13T12:06:00","modified_gmt":"2023-07-13T12:06:00","slug":"comissoes","status":"publish","type":"page","link":"https:\/\/eventos.esec.pt\/icirpie\/index.php\/comissoes\/","title":{"rendered":"Comiss\u00f5es"},"content":{"rendered":"\n<div class=\"wp-block-columns is-layout-flex wp-container-core-columns-is-layout-9d6595d7 wp-block-columns-is-layout-flex\">\n<div class=\"wp-block-column is-layout-flow wp-block-column-is-layout-flow\">\n<p><strong>Comiss\u00e3o Organizadora<\/strong><\/p>\n\n\n\n<figure class=\"wp-block-table\"><table><tbody><tr><td><strong>Ana Isabel Ribeiro<\/strong><br><em>Faculdade de Letras da Universidade de Coimbra, PORTUGAL<\/em><\/td><\/tr><tr><td><strong>Ana Paula Ramos Ferreira<\/strong><br><em>Escola Superior de Educa\u00e7\u00e3o do Instituto Polit\u00e9cnico de Coimbra,&nbsp; PORTUGAL<\/em><\/td><\/tr><tr><td><strong>Ana Santiago<\/strong><br><em>Escola Superior de Educa\u00e7\u00e3o do Instituto Polit\u00e9cnico de Coimbra,&nbsp; PORTUGAL<\/em><\/td><\/tr><tr><td><strong>Ana Teresa Brito<\/strong><br><em>Ispa &#8211; Instituto Universit\u00e1rio, PORTUGAL<\/em><\/td><\/tr><tr><td><strong>Carlos Barreira<\/strong><br><em>Faculdade de Psicologia e Ci\u00eancias da Educa\u00e7\u00e3o da Universidade de Coimbra, PORTUGAL<\/em><\/td><\/tr><tr><td><strong>Celeste Vieira<\/strong><br><em>Escola Superior de Educa\u00e7\u00e3o do Instituto Polit\u00e9cnico de Coimbra,&nbsp; PORTUGAL<\/em><\/td><\/tr><tr><td><strong>Elsa Silva<\/strong><br><em>Faculdade de Ci\u00eancias do Desporto e Educa\u00e7\u00e3o F\u00edsica da Universidade de Coimbra, PORTUGAL<\/em><\/td><\/tr><tr><td><strong>Eug\u00e8ne Tavares<\/strong><br><em>Universidade Assane Seck, SENEGAL<\/em><\/td><\/tr><tr><td><strong>Lourdes Mata<\/strong><br><em>Ispa &#8211; Instituto Universit\u00e1rio, PORTUGAL<\/em><\/td><\/tr><tr><td><strong>Lu\u00eds Rodrigues<\/strong><br><em>Universidade de Santiago, CABO VERDE<\/em><\/td><\/tr><tr><td><strong>Marco Ant\u00f4nio Franco do Amaral<\/strong><br><em>Instituto Federal do Tri\u00e2ngulo Mineiro, BRASIL<\/em><\/td><\/tr><tr><td><strong>N\u00e1dia Ferreira<\/strong><br><em>Ispa &#8211; Instituto Universit\u00e1rio, PORTUGAL<\/em><\/td><\/tr><tr><td><strong>Nat\u00e1lia Albino Pires<\/strong><br><em>Escola Superior de Educa\u00e7\u00e3o do Instituto Polit\u00e9cnico de Coimbra,&nbsp; PORTUGAL<\/em><\/td><\/tr><tr><td><strong>Sofia Gon\u00e7alves<\/strong><br><em>Escola Superior de Educa\u00e7\u00e3o do Instituto Polit\u00e9cnico de Coimbra,&nbsp; PORTUGAL<\/em><\/td><\/tr><\/tbody><\/table><\/figure>\n<\/div>\n<\/div>\n\n\n\n<p><strong>Comiss\u00e3o Cient\u00edfica<\/strong><\/p>\n\n\n\n<figure class=\"wp-block-table\"><table><tbody><tr><td><strong>Alexandre Franco S\u00e1<\/strong><br><em>Faculdade de Letras da Universidade de Coimbra<\/em><\/td><\/tr><tr><td><strong>Ana Coelho<\/strong><br><em>Escola Superior de Educa\u00e7\u00e3o do Instituto Polit\u00e9cnico de Coimbra<\/em><\/td><\/tr><tr><td><strong>Ana Isabel Andrade<\/strong><br><em>Universidade de Aveiro&nbsp;<\/em><\/td><\/tr><tr><td><strong>Ana Lu\u00edsa Costa<\/strong><br><em>Escola Superior de Educa\u00e7\u00e3o do Instituto Polit\u00e9cnico de Set\u00fabal<\/em><\/td><\/tr><tr><td><strong>Ant\u00f3nio Domingos<\/strong><br><em>Faculdade de Ci\u00eancias e Tecnologia da Universidade Nova de Lisboa<\/em><\/td><\/tr><tr><td><strong>Ant\u00f3nio Gomes Ferreira<\/strong><br><em>Faculdade de Psicologia e de Ci\u00eancias da Educa\u00e7\u00e3o da Universidade de Coimbra&nbsp;<\/em><\/td><\/tr><tr><td><strong>Ariana Cosme<\/strong><br><em>Faculdade de Psicologia e de Ci\u00eancias da Educa\u00e7\u00e3o da Universidade do Porto<\/em><\/td><\/tr><tr><td><strong>Amarildo Melchiades da Silva<\/strong><br><em>Universidade Federal de Juiz de Fora, BRASIL<\/em><\/td><\/tr><tr><td><strong>Assun\u00e7\u00e3o Folque<\/strong><br><em>Universidade de \u00c9vora<\/em><\/td><\/tr><tr><td><strong>Assun\u00e7\u00e3o Flores<\/strong><br><em>Instituto de Educa\u00e7\u00e3o da Universidade do Minho<\/em><\/td><\/tr><tr><td><strong>Catarina Cruz<\/strong><br><em>Escola Superior de Educa\u00e7\u00e3o do Instituto Polit\u00e9cnico de Coimbra<\/em><\/td><\/tr><tr><td><strong>Cec\u00edlia Aguiar<\/strong><br><em>Iscte &#8211; Instituto Universit\u00e1rio de Lisboa<\/em><\/td><\/tr><tr><td><strong>Cristina Leandro<\/strong><br><em>Escola Superior de Educa\u00e7\u00e3o do Instituto Polit\u00e9cnico de Coimbra<\/em><\/td><\/tr><tr><td><strong>Cristina C. Vieira<\/strong><br><em>Faculdade de Psicologia e de Ci\u00eancias da Educa\u00e7\u00e3o da Universidade de Coimbra&nbsp;<\/em><\/td><\/tr><tr><td><strong>David Rodrigues<\/strong><br>Conselho Nacional de Educa\u00e7\u00e3o<\/td><\/tr><tr><td><strong>Domingos Fernandes<\/strong><br><em>Iscte &#8211; Instituto Universit\u00e1rio de Lisboa \/ Conselho Nacional de Educa\u00e7\u00e3o<\/em><\/td><\/tr><tr><td><strong>Dulce Gon\u00e7alves<\/strong><br><em>Faculdade de Psicologia da Universidade de Lisboa<\/em><\/td><\/tr><tr><td><strong>Elisabete X. Gomes<\/strong><br><em>Escola Superior de Educa\u00e7\u00e3o do Instituto Polit\u00e9cnico de Set\u00fabal<\/em><\/td><\/tr><tr><td><strong>Estela Costa<\/strong><br><em>Instituto de Educa\u00e7\u00e3o da Universidade de Lisboa<\/em><\/td><\/tr><tr><td><strong>Fernando Martins<\/strong><br><em>Escola Superior de Educa\u00e7\u00e3o do Instituto Polit\u00e9cnico de Coimbra<\/em><\/td><\/tr><tr><td><strong>Filomena Teixeira<\/strong><br><em>Escola Superior de Educa\u00e7\u00e3o do Instituto Polit\u00e9cnico de Coimbra<\/em><\/td><\/tr><tr><td><strong>Francisco Peixoto<\/strong><br><em>Ispa-Instituto Universit\u00e1rio<\/em><\/td><\/tr><tr><td><strong>Frederico Lopes<\/strong><br><em>Faculdade de Motricidade Humana da Universidade de Lisboa<\/em><\/td><\/tr><tr><td><strong>Isabel Correia<\/strong><br><em>Escola Superior de Educa\u00e7\u00e3o do Instituto Polit\u00e9cnico de Coimbra<\/em><\/td><\/tr><tr><td><strong>Isabel Festas<\/strong><br><em>Faculdade de Psicologia e de Ci\u00eancias da Educa\u00e7\u00e3o da Universidade de Coimbra&nbsp;<\/em><\/td><\/tr><tr><td><strong>Isabel Fialho<\/strong><br><em>Universidade de \u00c9vora<\/em><\/td><\/tr><tr><td><strong>Isabel Lopes da Silva<\/strong><br><em>Dire\u00e7\u00e3o-Geral de Educa\u00e7\u00e3o<\/em><\/td><\/tr><tr><td><strong>Helena Rocha<\/strong><br><em>Faculdade de Ci\u00eancias e Tecnologia da Universidade Nova de Lisboa<\/em><\/td><\/tr><tr><td><strong>Jaime Carvalho e Silva<\/strong><br><em>Faculdade de Ci\u00eancias e Tecnologia da Universidade de Coimbra<\/em><\/td><\/tr><tr><td><strong>Jo\u00e3o Pedro da Ponte<\/strong><br><em>Instituto de Educa\u00e7\u00e3o da Universidade de Lisboa<\/em><\/td><\/tr><tr><td><strong>Lu\u00eds Alberto Marques Alves<\/strong><br><em>CITCEM, Universidade do Porto<\/em><\/td><\/tr><tr><td><strong>Lu\u00eds Mota<\/strong><br><em>Escola Superior de Educa\u00e7\u00e3o do Instituto Polit\u00e9cnico de Coimbra<\/em><\/td><\/tr><tr><td><strong>Manuela Ver\u00edssimo<\/strong><br><em>Ispa &#8211; Instituto Universit\u00e1rio<\/em><\/td><\/tr><tr><td><strong>Margarida Torres<\/strong><br><em>Escola Superior de Educa\u00e7\u00e3o do Instituto Polit\u00e9cnico de Coimbra<\/em><\/td><\/tr><tr><td><strong>Maria Jo\u00e3o Campos<\/strong><br><em>Faculdade de Ci\u00eancias do Desporto e Educa\u00e7\u00e3o F\u00edsica da Universidade de Coimbra<\/em><\/td><\/tr><tr><td><strong>Maria Jo\u00e3o Horta<\/strong><br><em>Dire\u00e7\u00e3o-Geral de Educa\u00e7\u00e3o<\/em><\/td><\/tr><tr><td>Mar\u00eda Lu\u00edsa<strong> Santos-Pastor<\/strong><br><em>Universidade Aut\u00f3noma de Madrid<\/em><\/td><\/tr><tr><td><strong>Marta Mateus Almeida<\/strong><br><em>Instituto de Educa\u00e7\u00e3o da Universidade de Lisboa<\/em><\/td><\/tr><tr><td><strong>M\u00f3nica Pereira<\/strong><br><em>Ispa &#8211; Instituto Universit\u00e1rio&nbsp;<\/em><\/td><\/tr><tr><td><strong>Paula Batista<\/strong><br><em>Faculdade de Desporto da Universidade do Porto<\/em><\/td><\/tr><tr><td><strong>Pedro Balaus<\/strong><br><em>Escola Superior de Educa\u00e7\u00e3o do Instituto Polit\u00e9cnico de Coimbra&nbsp;<\/em><\/td><\/tr><tr><td><strong>Rui Marques<\/strong><br><em>Instituto Padre Ant\u00f3nio Vieira<\/em><\/td><\/tr><tr><td><strong>Rui Mendes<\/strong><br><em>Escola Superior de Educa\u00e7\u00e3o do Instituto Polit\u00e9cnico de Coimbra<\/em><\/td><\/tr><tr><td><strong>Sara Bahia<\/strong><br><em>Faculdade de Psicologia da Universidade de Lisboa<\/em><\/td><\/tr><tr><td><strong>S\u00edlvia Parreiral<\/strong><br><em>Escola Superior de Educa\u00e7\u00e3o do Instituto Polit\u00e9cnico de Coimbra<\/em><\/td><\/tr><tr><td><strong>Teresa Pessoa<\/strong><br><em>Faculdade Psicologia e Ci\u00eancias da Educa\u00e7\u00e3o Universidade Coimbra<\/em><\/td><\/tr><tr><td><strong>Vera do Vale<\/strong><br><em>Escola Superior de Educa\u00e7\u00e3o do Instituto Polit\u00e9cnico de Coimbra<\/em><\/td><\/tr><\/tbody><\/table><\/figure>\n\n\n\n<p><strong>Comiss\u00e3o de apoio<\/strong><\/p>\n\n\n\n<ul class=\"wp-block-list\"><\/ul>\n\n\n\n<figure class=\"wp-block-table\"><table><tbody><tr><td><strong>Ana Filipa Miranda Cram\u00eas<\/strong><br>Estudante da Licenciatura em Educa\u00e7\u00e3o B\u00e1sica, ESEC-IPC<\/td><\/tr><tr><td><strong>Ana Patr\u00edcia Nunes Maia<\/strong><br>Estudante da Licenciatura em Educa\u00e7\u00e3o B\u00e1sica, ESEC-IPC<\/td><\/tr><tr><td><strong>Beatriz Medeiros Guiomar<\/strong><br>Estudante do Mestrado em Ensino do 1\u00ba Ciclo do Ensino B\u00e1sico e de Matem\u00e1tica e Ci\u00eancias Naturais no 2\u00ba Ciclo do Ensino B\u00e1sico, ESEC-IPC<\/td><\/tr><tr><td><strong>Joana Isabel Louren\u00e7o Almeida<\/strong><br>Estudante da Licenciatura em Educa\u00e7\u00e3o B\u00e1sica, ESEC-IPC<\/td><\/tr><tr><td><strong>Let\u00edcia Santos Sobral<\/strong><br>Estudante da Licenciatura em Educa\u00e7\u00e3o B\u00e1sica, ESEC-IPC<\/td><\/tr><tr><td><strong>Mafalda Braga da Cruz Freixo Pinto<\/strong><br>Estudante da Licenciatura em Comunica\u00e7\u00e3o Organizacional, ESEC-IPC<\/td><\/tr><tr><td><strong>Rafaela Rossa Maia Oliveira<\/strong><br>Estudante da Licenciatura em Educa\u00e7\u00e3o B\u00e1sica, ESEC-IPC<\/td><\/tr><tr><td><strong>Rita Filipa dos Santos Menaia<\/strong><br>Estudante da Licenciatura em Educa\u00e7\u00e3o B\u00e1sica, ESEC-IPC<\/td><\/tr><tr><td><strong>Sara Helena Rodrigues da Quadrada<\/strong><br>Estudante da Licenciatura em Educa\u00e7\u00e3o B\u00e1sica, ESEC-IPC<\/td><\/tr><tr><td><strong>Vanessa Alexandra Domingues Mateus<\/strong><br>Estudante do Mestrado em Ensino do 1\u00ba Ciclo do Ensino B\u00e1sico e de Matem\u00e1tica e Ci\u00eancias Naturais no 2\u00ba Ciclo do Ensino B\u00e1sico, ESEC-IPC<\/td><\/tr><\/tbody><\/table><\/figure>\n","protected":false},"excerpt":{"rendered":"<p>Comiss\u00e3o Organizadora Ana Isabel RibeiroFaculdade de Letras da Universidade de Coimbra, PORTUGAL Ana Paula Ramos FerreiraEscola Superior de Educa\u00e7\u00e3o do Instituto Polit\u00e9cnico de Coimbra,&nbsp; PORTUGAL&hellip;<\/p>\n","protected":false},"author":1,"featured_media":0,"parent":0,"menu_order":0,"comment_status":"closed","ping_status":"closed","template":"","meta":{"footnotes":""},"class_list":["post-10","page","type-page","status-publish","hentry"],"_links":{"self":[{"href":"https:\/\/eventos.esec.pt\/icirpie\/index.php\/wp-json\/wp\/v2\/pages\/10","targetHints":{"allow":["GET"]}}],"collection":[{"href":"https:\/\/eventos.esec.pt\/icirpie\/index.php\/wp-json\/wp\/v2\/pages"}],"about":[{"href":"https:\/\/eventos.esec.pt\/icirpie\/index.php\/wp-json\/wp\/v2\/types\/page"}],"author":[{"embeddable":true,"href":"https:\/\/eventos.esec.pt\/icirpie\/index.php\/wp-json\/wp\/v2\/users\/1"}],"replies":[{"embeddable":true,"href":"https:\/\/eventos.esec.pt\/icirpie\/index.php\/wp-json\/wp\/v2\/comments?post=10"}],"version-history":[{"count":14,"href":"https:\/\/eventos.esec.pt\/icirpie\/index.php\/wp-json\/wp\/v2\/pages\/10\/revisions"}],"predecessor-version":[{"id":627,"href":"https:\/\/eventos.esec.pt\/icirpie\/index.php\/wp-json\/wp\/v2\/pages\/10\/revisions\/627"}],"wp:attachment":[{"href":"https:\/\/eventos.esec.pt\/icirpie\/index.php\/wp-json\/wp\/v2\/media?parent=10"}],"curies":[{"name":"wp","href":"https:\/\/api.w.org\/{rel}","templated":true}]}}