{"id":29,"date":"2022-02-04T12:00:42","date_gmt":"2022-02-04T12:00:42","guid":{"rendered":"https:\/\/eventos.esec.pt\/eipe\/?page_id=29"},"modified":"2022-04-29T17:16:54","modified_gmt":"2022-04-29T17:16:54","slug":"inscricoes","status":"publish","type":"page","link":"https:\/\/eventos.esec.pt\/eipe\/?page_id=29","title":{"rendered":"Inscri\u00e7\u00f5es"},"content":{"rendered":"\n<h3 class=\"wp-block-heading\" id=\"datas-importantes\">Datas Importantes<\/h3>\n\n\n\n<ul class=\"wp-block-list\"><li><del>06\/02\/2022: submiss\u00e3o de resumos<\/del><\/li><li>20\/02\/2022: prorroga\u00e7\u00e3o do prazo de submiss\u00e3o de resumos<\/li><li>20\/03\/2022: notifica\u00e7\u00e3o aos autores<\/li><li>27\/03\/2022: submiss\u00e3o da vers\u00e3o revista dos resumos<\/li><li><s>At\u00e9 02\/04\/2022: inscri\u00e7\u00e3o \u2013 1.\u00aa fase<\/s><\/li><li>At\u00e9 09\/04\/2022: inscri\u00e7\u00e3o \u2013 1.\u00aa fase<\/li><li><strong><mark style=\"background-color:rgba(0, 0, 0, 0)\" class=\"has-inline-color has-luminous-vivid-orange-color\">At\u00e9 02\/05\/2022: inscri\u00e7\u00e3o \u2013 2.\u00aa fase (<u>Inscri\u00e7\u00e3o com agravamento do pre\u00e7o<\/u>)<\/mark><\/strong><\/li><li><strong>EIPE 2022 | 6 e 7 de maio 2022<\/strong><\/li><li>30\/06\/2022: submiss\u00e3o de artigos<\/li><li>25\/07\/2022: notifica\u00e7\u00e3o aos autores da aceita\u00e7\u00e3o dos textos<\/li><li>10\/09\/2022: submiss\u00e3o da vers\u00e3o revista dos textos<\/li><li>setembro\/outubro de 2022: edi\u00e7\u00e3o do livro do EIPE 2022<\/li><\/ul>\n\n\n\n<h3 class=\"wp-block-heading\">Inscri\u00e7\u00e3o Geral<\/h3>\n\n\n\n<div class=\"wp-block-columns is-layout-flex wp-container-core-columns-is-layout-9d6595d7 wp-block-columns-is-layout-flex\">\n<div class=\"wp-block-column border-left: 1px solid #ccc; has-background is-layout-flow wp-block-column-is-layout-flow\" style=\"background:linear-gradient(230deg,rgb(245,245,245) 0%,rgb(255,255,255) 100%)\">\n<p class=\"has-medium-font-size\"><strong><u>Inscri\u00e7\u00e3o at\u00e9 2 de maio<\/u><\/strong><\/p>\n\n\n\n<p class=\"has-small-font-size\"><u>(inscri\u00e7\u00e3o com agravamento do pre\u00e7o)<\/u><\/p>\n\n\n\n<p><\/p>\n\n\n\n<ul class=\"wp-block-list\"><li><strong>Estudantes da ESEC<\/strong> | 10 euros (pasta com documenta\u00e7\u00e3o do evento)<\/li><li><strong>Professores Cooperantes da ESEC e Comunidade da ESEC (diplomados, funcion\u00e1rios e docentes)<\/strong> | 20 euros (pasta com documenta\u00e7\u00e3o do evento)<\/li><li><strong>Outros participantes<\/strong> | 30 euros (inclui pasta com documenta\u00e7\u00e3o do evento)<\/li><\/ul>\n\n\n\n<figure class=\"wp-block-image is-resized\"><a href=\"https:\/\/secretaria-virtual.esec.pt\/gereventos\/page?stage=registerhome&amp;eventID=1201\" target=\"_blank\" rel=\"noreferrer noopener\"><img loading=\"lazy\" decoding=\"async\" src=\"https:\/\/www.esec.pt\/wp-content\/uploads\/2021\/10\/button.jpg\" alt=\"\" class=\"wp-image-9212\" width=\"146\" height=\"37\"\/><\/a><figcaption>[<a href=\"https:\/\/eventos.esec.pt\/eipe\/wp-content\/uploads\/2022\/03\/Guia-Apoio-Inscricao-GerEventos_V2.pdf\">Guia de Apoio \u00e0 Inscri\u00e7\u00e3o<\/a>]<\/figcaption><\/figure>\n\n\n\n<p><strong>JANTAR SOCIAL do VI EIPE<\/strong>: 6 de maio 2022 | 20h00 | Restaurante Sabores da Romeira<\/p>\n\n\n\n<p>16\u20ac\/pessoa <\/p>\n\n\n\n<p>\u00bb <a rel=\"noreferrer noopener\" href=\"https:\/\/secretaria-virtual.esec.pt\/gereventos\/page?stage=registerhome&amp;eventID=1200\" target=\"_blank\"><strong>INSCRI\u00c7\u00c3O<\/strong><\/a><\/p>\n<\/div>\n\n\n\n<div class=\"wp-block-column has-background is-layout-flow wp-block-column-is-layout-flow\" style=\"background:linear-gradient(249deg,rgb(239,239,239) 0%,rgb(255,255,255) 100%)\">\n<p class=\"has-medium-font-size\">Inscri\u00e7\u00e3o at\u00e9 9 de abril<\/p>\n\n\n\n<p><\/p>\n\n\n\n<ul class=\"wp-block-list\"><li><strong>Estudantes da ESEC<\/strong> | 5 euros (pasta com documenta\u00e7\u00e3o do evento) | gratuito (sem pasta com documenta\u00e7\u00e3o do evento)<\/li><li><strong>Professores Cooperantes da ESEC e Comunidade da ESEC (diplomados, funcion\u00e1rios e docentes)<\/strong> | 10 euros (pasta com documenta\u00e7\u00e3o do evento) | gratuito (sem pasta com documenta\u00e7\u00e3o do evento)<\/li><li><strong>Outros participantes<\/strong> | 20 euros (inclui pasta com documenta\u00e7\u00e3o do evento)<\/li><\/ul>\n\n\n\n<figure class=\"wp-block-image is-resized\"><a href=\"https:\/\/secretaria-virtual.esec.pt\/gereventos\/page?stage=registerhome&amp;eventID=1190\" target=\"_blank\" rel=\"noreferrer noopener\"><img loading=\"lazy\" decoding=\"async\" src=\"https:\/\/www.esec.pt\/wp-content\/uploads\/2021\/10\/button.jpg\" alt=\"\" class=\"wp-image-9212\" width=\"146\" height=\"37\"\/><\/a><figcaption>[<a href=\"https:\/\/eventos.esec.pt\/eipe\/wp-content\/uploads\/2022\/03\/Guia-Apoio-Inscricao-GerEventos_V2.pdf\">Guia de Apoio \u00e0 Inscri\u00e7\u00e3o<\/a>]<\/figcaption><\/figure>\n\n\n\n<p><\/p>\n<\/div>\n<\/div>\n\n\n\n<h3 class=\"wp-block-heading\">Inscri\u00e7\u00e3o Workshops<\/h3>\n\n\n\n<div class=\"wp-block-columns is-layout-flex wp-container-core-columns-is-layout-9d6595d7 wp-block-columns-is-layout-flex\">\n<div class=\"wp-block-column is-layout-flow wp-block-column-is-layout-flow\" style=\"flex-basis:100%\">\n<div class=\"wp-block-group\"><div class=\"wp-block-group__inner-container is-layout-flow wp-block-group-is-layout-flow\">\n<div class=\"wp-block-columns is-layout-flex wp-container-core-columns-is-layout-9d6595d7 wp-block-columns-is-layout-flex\">\n<div class=\"wp-block-column is-layout-flow wp-block-column-is-layout-flow\">\n<p class=\"has-medium-font-size\"><strong>Sexta-feira: 6 de maio<\/strong> | 17h35 -19h35<\/p>\n\n\n\n<figure class=\"wp-block-table\"><table><tbody><tr><td><em>O Pitchuko charmoso: uma proposta de trabalho entre as ci\u00eancias e a matem\u00e1tica para o 1.\u00ba ciclo do Ensino B\u00e1sico<\/em><br>\u00bb <span style=\"text-decoration: underline;\"><a href=\"https:\/\/machform.esec.pt\/view.php?id=116338\" target=\"_blank\" rel=\"noreferrer noopener\">INSCRI\u00c7\u00d5ES<\/a><\/span><\/td><\/tr><tr><td><em>Integra\u00e7\u00e3o de Rob\u00f3tica Educativa em pr\u00e1ticas STEM<\/em><br>\u00bb <a rel=\"noreferrer noopener\" href=\"https:\/\/machform.esec.pt\/view.php?id=116738\" target=\"_blank\">INSCRI\u00c7\u00d5ES<\/a><\/td><\/tr><tr><td><em>Trabalhar a cidadania na aula de hist\u00f3ria<\/em><br>\u00bb <a rel=\"noreferrer noopener\" href=\"https:\/\/machform.esec.pt\/view.php?id=117210\" target=\"_blank\">INSCRI\u00c7\u00d5ES<\/a><\/td><\/tr><tr><td><em>Collage: recortes de reflex\u00e3o e supervis\u00e3o<\/em><br>\u00bb <a rel=\"noreferrer noopener\" href=\"https:\/\/machform.esec.pt\/view.php?id=118943\" target=\"_blank\">INSCRI\u00c7\u00d5ES<\/a><\/td><\/tr><\/tbody><\/table><\/figure>\n<\/div>\n\n\n\n<div class=\"wp-block-column is-layout-flow wp-block-column-is-layout-flow\">\n<p class=\"has-medium-font-size\"><strong>S\u00e1bado: 7 de maio<\/strong> | 9h00 -11h00<\/p>\n\n\n\n<figure class=\"wp-block-table\"><table><tbody><tr><td><em>Caminhos para integra\u00e7\u00e3o da rob\u00f3tica educativa em contextos de creche e educa\u00e7\u00e3o pr\u00e9-escolar<\/em><br>\u00bb <span style=\"text-decoration: underline;\"><a href=\"https:\/\/machform.esec.pt\/view.php?id=118080\" target=\"_blank\" rel=\"noreferrer noopener\">INSCRI\u00c7\u00d5ES<\/a><\/span><\/td><\/tr><tr><td><em>Storytelling e storymaking: um recurso educativo<\/em><br>\u00bb <span style=\"text-decoration: underline;\"><a href=\"https:\/\/machform.esec.pt\/view.php?id=118357\" target=\"_blank\" rel=\"noreferrer noopener\">INSCRI\u00c7\u00d5ES<\/a><\/span><\/td><\/tr><tr><td><em>Vamos aprender Matem\u00e1tica atrav\u00e9s de jogos numa aula de Educa\u00e7\u00e3o F\u00edsica?<\/em><br>\u00bb <a rel=\"noreferrer noopener\" href=\"https:\/\/machform.esec.pt\/view.php?id=119577\" target=\"_blank\">INSCRI\u00c7\u00d5ES<\/a><\/td><\/tr><tr><td><em>Materiais n\u00e3o estruturados: descobrir, experimentar e aprender<\/em><br>\u00bb <a rel=\"noreferrer noopener\" href=\"https:\/\/machform.esec.pt\/view.php?id=119971\" target=\"_blank\">INSCRI\u00c7\u00d5ES<\/a><\/td><\/tr><tr><td><em>Gest\u00e3o cooperativa da aprendizagem: Pr\u00e1ticas de diferencia\u00e7\u00e3o pedag\u00f3gica promotoras de inclus\u00e3o.<\/em><br>\u00bb <a rel=\"noreferrer noopener\" href=\"https:\/\/machform.esec.pt\/view.php?id=116570\" target=\"_blank\">INSCRI\u00c7\u00d5ES<\/a><\/td><\/tr><\/tbody><\/table><\/figure>\n<\/div>\n<\/div>\n<\/div><\/div>\n<\/div>\n<\/div>\n\n\n\n<h3 class=\"wp-block-heading\">Certificado com Acredita\u00e7\u00e3o<\/h3>\n\n\n\n<p>Caso seja eleg\u00edvel e pretenda certificado de Acredita\u00e7\u00e3o pelo Conselho Cient\u00edfico-Pedag\u00f3gico da Forma\u00e7\u00e3o Cont\u00ednua (CCPFC), dever\u00e1 preencher a <a rel=\"noreferrer noopener\" href=\"https:\/\/machform.esec.pt\/view.php?id=121396\" target=\"_blank\"><strong>Ficha de Formando<\/strong><\/a>.<\/p>\n\n\n\n<div class=\"wp-block-group\"><div class=\"wp-block-group__inner-container is-layout-flow wp-block-group-is-layout-flow\">\n<p><strong>NOTAS<\/strong><\/p>\n\n\n\n<p><strong>1:<\/strong> Todos os participantes ter\u00e3o de se inscrever <strong><u>obrigatoriamente<\/u><\/strong> no evento, mesmo n\u00e3o querendo a pasta com documenta\u00e7\u00e3o do evento.<br><strong>2:<\/strong> O autor que ir\u00e1 apresentar a comunica\u00e7\u00e3o\/p\u00f3ster\/relato\/workshop ter\u00e1 obrigatoriamente de estar inscrito no evento<br><strong>3: <\/strong>O cancelamento de inscri\u00e7\u00f5es implica a perda total do valor da taxa de inscri\u00e7\u00e3o, n\u00e3o havendo lugar a reembolsos.<br><strong>4:<\/strong> Caso pretenda participar num workshop, dever\u00e1 inscrever-se atrav\u00e9s dos links mais abaixo (a disponibilizar oportunamente), ap\u00f3s a sua inscri\u00e7\u00e3o no evento.<br><strong>5<\/strong>: Os certificados de comunica\u00e7\u00e3o ser\u00e3o entregues por comunica\u00e7\u00e3o apresentada e discutida no Encontro <strong>apenas<\/strong> aos autores inscritos no evento<\/p>\n<\/div><\/div>\n\n\n\n<p><\/p>\n","protected":false},"excerpt":{"rendered":"<p>Datas Importantes 06\/02\/2022: submiss\u00e3o de resumos 20\/02\/2022: prorroga\u00e7\u00e3o do prazo de submiss\u00e3o de resumos 20\/03\/2022: notifica\u00e7\u00e3o aos autores 27\/03\/2022: submiss\u00e3o da vers\u00e3o revista dos resumos&hellip;<\/p>\n","protected":false},"author":2,"featured_media":0,"parent":0,"menu_order":0,"comment_status":"closed","ping_status":"closed","template":"","meta":{"footnotes":""},"class_list":["post-29","page","type-page","status-publish","hentry"],"_links":{"self":[{"href":"https:\/\/eventos.esec.pt\/eipe\/index.php?rest_route=\/wp\/v2\/pages\/29","targetHints":{"allow":["GET"]}}],"collection":[{"href":"https:\/\/eventos.esec.pt\/eipe\/index.php?rest_route=\/wp\/v2\/pages"}],"about":[{"href":"https:\/\/eventos.esec.pt\/eipe\/index.php?rest_route=\/wp\/v2\/types\/page"}],"author":[{"embeddable":true,"href":"https:\/\/eventos.esec.pt\/eipe\/index.php?rest_route=\/wp\/v2\/users\/2"}],"replies":[{"embeddable":true,"href":"https:\/\/eventos.esec.pt\/eipe\/index.php?rest_route=%2Fwp%2Fv2%2Fcomments&post=29"}],"version-history":[{"count":28,"href":"https:\/\/eventos.esec.pt\/eipe\/index.php?rest_route=\/wp\/v2\/pages\/29\/revisions"}],"predecessor-version":[{"id":362,"href":"https:\/\/eventos.esec.pt\/eipe\/index.php?rest_route=\/wp\/v2\/pages\/29\/revisions\/362"}],"wp:attachment":[{"href":"https:\/\/eventos.esec.pt\/eipe\/index.php?rest_route=%2Fwp%2Fv2%2Fmedia&parent=29"}],"curies":[{"name":"wp","href":"https:\/\/api.w.org\/{rel}","templated":true}]}}