{"id":5,"date":"2023-04-12T15:10:28","date_gmt":"2023-04-12T15:10:28","guid":{"rendered":"https:\/\/eventos.esec.pt\/cises\/?page_id=5"},"modified":"2023-06-29T14:41:36","modified_gmt":"2023-06-29T14:41:36","slug":"apresentacao","status":"publish","type":"page","link":"https:\/\/eventos.esec.pt\/cises\/apresentacao\/","title":{"rendered":"Apresenta\u00e7\u00e3o"},"content":{"rendered":"\n<div class=\"wp-block-columns is-layout-flex wp-container-core-columns-is-layout-9d6595d7 wp-block-columns-is-layout-flex\">\n<div class=\"wp-block-column is-layout-flow wp-block-column-is-layout-flow\" style=\"flex-basis:66.66%\">\n<h3 class=\"wp-block-heading\">Num tempo marcado pelo \u2018aqui e agora\u2019, onde o apelo \u00e0 sexualidade \u00e9 uma constante, importa que o VII Congresso Internacional de Sexualidade e Educa\u00e7\u00e3o Sexual (VII CISES) traga ao palco quest\u00f5es de g\u00e9nero e diversidade sexual, prementes no quadro dos Direitos Humanos.<\/h3>\n<\/div>\n\n\n\n<div class=\"wp-block-column is-layout-flow wp-block-column-is-layout-flow\" style=\"flex-basis:33.33%\"><\/div>\n<\/div>\n\n\n\n<div class=\"wp-block-columns is-layout-flex wp-container-core-columns-is-layout-9d6595d7 wp-block-columns-is-layout-flex\">\n<div class=\"wp-block-column is-layout-flow wp-block-column-is-layout-flow\"><\/div>\n\n\n\n<div class=\"wp-block-column is-layout-flow wp-block-column-is-layout-flow\">\n<p>O Congresso que acontece em setembro de 2023, \u00e9 o s\u00e9timo de uma sequ\u00eancia que se realiza, bianualmente, desde 2010, alternadamente em Portugal e no Brasil, nas institui\u00e7\u00f5es que alojam um grupo de investigadores\/as que trabalham colaborativamente e em rede, em pesquisas sobre sexualidade e educa\u00e7\u00e3o sexual: Escola Superior de Educa\u00e7\u00e3o de Coimbra (ESEC), Universidade de Aveiro (UA), Universidade de Lisboa (UL), Universidade do Minho (UM), Universidade Estadual Paulista \u201cJ\u00falio de Mesquita Filho\u201d (UNESP) e Universidade do Estado de Santa Catarina (UDESC).<\/p>\n\n\n\n<p><strong>A finalidade que unifica a realiza\u00e7\u00e3o destes congressos \u00e9 o estudo da sexualidade<\/strong> como tema multidisciplinar e transversal que se desdobra em v\u00e1rias \u00e1reas de investiga\u00e7\u00e3o e interven\u00e7\u00e3o, entre elas a educa\u00e7\u00e3o sexual com perspetiva de g\u00e9nero. Tendo por base a Estrat\u00e9gia Nacional para a Igualdade e N\u00e3o Discrimina\u00e7\u00e3o (ENIND, 2018-2030), o VII CISES pretende estimular o debate e a reflex\u00e3o, a respeito do papel das mulheres e dos movimentos LGBTQI, tem\u00e1ticas ainda invisibilizadas e silenciadas nos espa\u00e7os escolares, mas de particular atualidade e relev\u00e2ncia, atendendo \u00e0s (im)posi\u00e7\u00f5es curriculares, \u00e0s pol\u00edticas educativas que urge implementar, \u00e0 investiga\u00e7\u00e3o e pr\u00e1ticas sobre a igualdade e n\u00e3o discrimina\u00e7\u00e3o em raz\u00e3o de sexo, orienta\u00e7\u00e3o sexual, identidade e express\u00e3o de g\u00e9nero.<\/p>\n<\/div>\n\n\n\n<div class=\"wp-block-column is-layout-flow wp-block-column-is-layout-flow\">\n<p>O programa do Congresso inclui confer\u00eancias plen\u00e1rias, mesas redondas e sess\u00f5es paralelas de comunica\u00e7\u00e3o de trabalhos de investiga\u00e7\u00e3o e\/ou relato de pr\u00e1ticas.\u00a0<\/p>\n\n\n\n<h3 class=\"wp-block-heading\">P\u00fablico-alvo<\/h3>\n\n\n\n<p>Docentes, investigadores\/as e estudantes (de Licenciatura, Mestrado e Doutoramento) de Educa\u00e7\u00e3o, Sa\u00fade, Comunica\u00e7\u00e3o, Antropologia, Sociologia, Hist\u00f3ria, Direito, Medicina, Psicologia, Filosofia, Artes Visuais e Performativas, entre outros.<\/p>\n\n\n\n<h3 class=\"wp-block-heading\">Eixos Tem\u00e1ticos<\/h3>\n\n\n\n<ul class=\"wp-block-list\">\n<li>A. Sexualidade, Sa\u00fade e Direitos Humanos<\/li>\n\n\n\n<li>B. Sexualidade, G\u00e9nero e Diversidade Sexual<\/li>\n\n\n\n<li>C. Corpo, Erotismo e Sexualidade<\/li>\n\n\n\n<li>D. Investiga\u00e7\u00e3o e Pr\u00e1ticas em Sexualidade, G\u00e9nero e Diversidade Sexual<\/li>\n\n\n\n<li>E. Sexualidade, G\u00e9nero e Media<\/li>\n\n\n\n<li>F. Sexualidade, Educa\u00e7\u00e3o Sexual e Forma\u00e7\u00e3o de Professores\/as<\/li>\n\n\n\n<li>G. Pol\u00edticas Educativas em Sexualidade, Educa\u00e7\u00e3o Sexual, G\u00e9nero e Diversidade Sexual<\/li>\n<\/ul>\n<\/div>\n<\/div>\n","protected":false},"excerpt":{"rendered":"<p>Num tempo marcado pelo \u2018aqui e agora\u2019, onde o apelo \u00e0 sexualidade \u00e9 uma constante, importa que o VII Congresso Internacional de Sexualidade e Educa\u00e7\u00e3o&hellip;<\/p>\n","protected":false},"author":1,"featured_media":0,"parent":0,"menu_order":0,"comment_status":"closed","ping_status":"closed","template":"","meta":{"footnotes":""},"class_list":["post-5","page","type-page","status-publish","hentry"],"_links":{"self":[{"href":"https:\/\/eventos.esec.pt\/cises\/wp-json\/wp\/v2\/pages\/5","targetHints":{"allow":["GET"]}}],"collection":[{"href":"https:\/\/eventos.esec.pt\/cises\/wp-json\/wp\/v2\/pages"}],"about":[{"href":"https:\/\/eventos.esec.pt\/cises\/wp-json\/wp\/v2\/types\/page"}],"author":[{"embeddable":true,"href":"https:\/\/eventos.esec.pt\/cises\/wp-json\/wp\/v2\/users\/1"}],"replies":[{"embeddable":true,"href":"https:\/\/eventos.esec.pt\/cises\/wp-json\/wp\/v2\/comments?post=5"}],"version-history":[{"count":27,"href":"https:\/\/eventos.esec.pt\/cises\/wp-json\/wp\/v2\/pages\/5\/revisions"}],"predecessor-version":[{"id":338,"href":"https:\/\/eventos.esec.pt\/cises\/wp-json\/wp\/v2\/pages\/5\/revisions\/338"}],"wp:attachment":[{"href":"https:\/\/eventos.esec.pt\/cises\/wp-json\/wp\/v2\/media?parent=5"}],"curies":[{"name":"wp","href":"https:\/\/api.w.org\/{rel}","templated":true}]}}